{"id":875,"date":"2018-07-17T12:53:57","date_gmt":"2018-07-17T11:53:57","guid":{"rendered":"http:\/\/tigre.uma.pt\/conselhocultura\/www\/?page_id=875"},"modified":"2021-07-21T09:57:38","modified_gmt":"2021-07-21T08:57:38","slug":"clipping-2012-16","status":"publish","type":"page","link":"https:\/\/conselhodecultura.uma.pt\/en\/clipping-2012-16\/","title":{"rendered":"2012-16 Clipping"},"content":{"rendered":"<h2>It was news<\/h2>\n<p>All the news published about the events held by the Cultural Council will be available on this page. We thank the promoters for their initiatives as well as the journalists and the media for the dissemination of our projects.<\/p>\n<h2>\n                                                                <b>2016<\/b><br \/>\n<b>2016<\/b><br \/>\n<b>2016<\/b><\/h2>\n<p><!-- cd-headline --><br \/>\n<!-- text-slide --><br \/>\n<!-- animation-text --><\/p>\n<p style=\"text-align: left;\"><strong>Imprensa escrita noticia entre 22 e 24 de outubro<\/strong><\/p>\n<p>\u2018<a style=\"color: #ccdbdc;\" href=\"http:\/\/revistadeimprensa.uma.pt\/index.php?option=com_docman&amp;task=doc_download&amp;gid=2181&amp;Itemid=148&amp;lang=pt\">UM(a) Reconhecimento<\/a>\u2018<\/p>\n<p><!-- .lae-carousel-item --><\/p>\n<p><strong>Imprensa escrita a 19 de outubro<\/strong><\/p>\n<p><a style=\"color: #ccdbdc;\" href=\"http:\/\/revistadeimprensa.uma.pt\/index.php?option=com_docman&amp;task=doc_download&amp;gid=2178&amp;Itemid=148&amp;lang=pt\">Alberto Jo\u00e3o Jardim defende um Estado federado para Portugal <\/a><\/p>\n<p><!-- .lae-carousel-item --><\/p>\n<p><strong>Imprensa escrita entre 15 e 17 de outubro<\/strong><\/p>\n<p><a style=\"color: #ccdbdc;\" href=\"http:\/\/revistadeimprensa.uma.pt\/index.php?option=com_docman&amp;task=doc_download&amp;gid=2176&amp;Itemid=148&amp;lang=pt\">\u201cAutonomia: Que Caminhos? Que Futuro?\u201d<\/a><br \/>\n<a style=\"color: #808080;\" href=\"http:\/\/revistadeimprensa.uma.pt\/index.php?option=com_docman&amp;task=doc_download&amp;gid=2176&amp;Itemid=148&amp;lang=pt\">AJJ convidado da tert\u00falia do clube Ateneu&nbsp;<\/a><\/p>\n<p><!-- .lae-carousel-item --><\/p>\n<p><strong>Imprensa escrita a 20 de setembro<\/strong><\/p>\n<p><a style=\"color: #333333;\" href=\"https:\/\/pt.calameo.com\/read\/00021368900e86e88b521\">\u2018Religi\u00e3o e Pol\u00edtica\u2019<\/a><\/p>\n<p><!-- .lae-carousel-item --><\/p>\n<p><strong>Imprensa escrita a 15 de setembro<\/strong><\/p>\n<p><a style=\"color: #ccdbdc;\" href=\"https:\/\/pt.calameo.com\/read\/0002136890125527e1029\">\u2018Universidade debate Reili\u00e3o e Pol\u00edtica\u2019<\/a><\/p>\n<p><!-- .lae-carousel-item --><\/p>\n<p><strong>Imprensa escrita entre 23 e 25 de julho<\/strong><\/p>\n<p><a style=\"color: #333333;\" href=\"http:\/\/revistadeimprensa.uma.pt\/index.php?option=com_docman&amp;task=doc_download&amp;gid=2120&amp;Itemid=145&amp;lang=pt\">Apresenta\u00e7\u00e3o do livro \u2018Por uma sociedade decente\u2019<\/a><\/p>\n<p><!-- .lae-carousel-item --><\/p>\n<p><strong>Imprensa escrita entre 9 e 11 de julho<\/strong><\/p>\n<p><a style=\"color: #ccdbdc;\" href=\"https:\/\/pt.calameo.com\/read\/000213689a6ee42a010b4\">Livro \u2018Por uma sociedade decente\u2019 apresentado na UMa no dia 14<br \/>\nNovo livro de Eduardo Paz Ferreira apresentado a 14 de Julho na UMa<br \/>\nAlberto Jo\u00e3o Jardim apresenta \u2018Por uma sociedade decente\u2019<\/a><\/p>\n<p><!-- .lae-carousel-item --><\/p>\n<p><strong>Imprensa escrita entre 10 e 13 de junho<\/strong><\/p>\n<p><a style=\"color: #ccdbdc;\" href=\"https:\/\/pt.calameo.com\/read\/000213689a6ee42a010b4\">\u2018<\/a><a style=\"color: #ccdbdc;\" href=\"http:\/\/revistadeimprensa.uma.pt\/index.php?option=com_docman&amp;task=doc_download&amp;gid=2091&amp;Itemid=144&amp;lang=pt\">Tert\u00falia do Conselho de Cultura da UMa vai incidir sobre a quest\u00e3o \u20189 000 milh\u00f5es de habitantes\u2026 Para onde ir?\u2019\u2019<br \/>\n\u2018Gilda Dantas protagonista de nova tert\u00falia do Clube Ateneu<\/a><a style=\"color: #ccdbdc;\" href=\"https:\/\/pt.calameo.com\/read\/000213689a6ee42a010b4\">\u2018<\/a><\/p>\n<p><!-- .lae-carousel-item --><\/p>\n<p><strong>Imprensa escrita entre 26 e 27 de maio<\/strong><\/p>\n<p><a style=\"color: #ccdbdc;\" href=\"http:\/\/revistadeimprensa.uma.pt\/index.php?option=com_docman&amp;task=doc_download&amp;gid=2081&amp;Itemid=143&amp;lang=pt\">\u2018UMa lan\u00e7a revista no dia 16 de Junho\u2019<\/a><br \/>\n<a style=\"color: #ccdbdc;\" href=\"http:\/\/revistadeimprensa.uma.pt\/index.php?option=com_docman&amp;task=doc_download&amp;gid=2081&amp;Itemid=143&amp;lang=pt\">Revista Internacional de Arte e Antropologia das Imagens lan\u00e7ada a 16 de junho na UMa<br \/>\nUMa lan\u00e7a Revista de Arte e Antropologia das Imagens, Cinema e Territ\u00f3rio.<\/a><\/p>\n<p><!-- .lae-carousel-item --><\/p>\n<p><strong>Imprensa escrita a 17 de maio<\/strong><\/p>\n<p><a style=\"color: #ccdbdc;\" href=\"http:\/\/revistadeimprensa.uma.pt\/index.php?option=com_docman&amp;task=doc_download&amp;gid=2081&amp;Itemid=143&amp;lang=pt\">\u2018<\/a><a style=\"color: #ccdbdc;\" href=\"http:\/\/revistadeimprensa.uma.pt\/index.php?option=com_docman&amp;task=doc_download&amp;gid=2074&amp;Itemid=143&amp;lang=pt\">Tert\u00falia<\/a><a style=\"color: #ccdbdc;\" href=\"http:\/\/revistadeimprensa.uma.pt\/index.php?option=com_docman&amp;task=doc_download&amp;gid=2081&amp;Itemid=143&amp;lang=pt\">\u2018<\/a><\/p>\n<p><!-- .lae-carousel-item --><\/p>\n<p><strong>Imprensa escrita a 11 de maio<\/strong><\/p>\n<p>\u2018<a style=\"color: #ccdbdc;\" href=\"http:\/\/revistadeimprensa.uma.pt\/index.php?option=com_docman&amp;task=doc_download&amp;gid=2070&amp;Itemid=143&amp;lang=pt\">Tributo a Ant\u00f3nio Varia\u00e7\u00f5es\u2019<br \/>\n\u2018Tert\u00falia sobre a loucura pergunta: \u201cPor onde anda a fronteira da sanidade?\u201d<\/a>\u2018<\/p>\n<p><!-- .lae-carousel-item --><\/p>\n<p><strong>Imprensa escrita a 10 de maio<\/strong><\/p>\n<p>\u2018<a style=\"color: #ccdbdc;\" href=\"http:\/\/revistadeimprensa.uma.pt\/index.php?option=com_docman&amp;task=doc_download&amp;gid=2069&amp;Itemid=143&amp;lang=pt\">Tributo a Ant\u00f3nio Varia\u00e7\u00f5es no Teatro a 11 de Maio<\/a>\u2018<\/p>\n<p><!-- .lae-carousel-item --><\/p>\n<p><strong>Imprensa escrita a 4 de maio<\/strong><\/p>\n<p>\u2018<a style=\"color: #ccdbdc;\" href=\"http:\/\/revistadeimprensa.uma.pt\/index.php?option=com_docman&amp;task=doc_download&amp;gid=2065&amp;Itemid=143&amp;lang=pt\">Tributo a Varia\u00e7\u00f5es no Teatro Municipal<\/a>\u2018<\/p>\n<p><!-- .lae-carousel-item --><\/p>\n<p><strong>Imprensa escrita a 19 de abril<\/strong><\/p>\n<p>\u2018<a style=\"color: #ccdbdc;\" href=\"https:\/\/pt.calameo.com\/read\/000213689760974fcafa2\">\u00c1gua de giro \u00e9 tema de tert\u00falia<\/a>\u2018<\/p>\n<p><!-- .lae-carousel-item --><\/p>\n<p><strong>Imprensa escrita a 1 de abril<\/strong><\/p>\n<p><a style=\"color: #808080;\" href=\"http:\/\/revistadeimprensa.uma.pt\/index.php?option=com_docman&amp;task=doc_download&amp;gid=2044&amp;Itemid=142&amp;lang=pt\">\u2018Semin\u00e1rios \u00e0 Hora do Almo\u00e7o\u2019<br \/>\nUMa acolhe segunda sess\u00e3o dos \u2018Semin\u00e1rios \u00e0 Hora do Almo\u00e7o\u2019<\/a><br \/>\n\u2018<a style=\"color: #ccdbdc;\" href=\"http:\/\/revistadeimprensa.uma.pt\/index.php?option=com_docman&amp;task=doc_download&amp;gid=2044&amp;Itemid=142&amp;lang=pt\">Ana Teresa Pereira em destaque em Semin\u00e1rio na UMa<\/a>\u2018<\/p>\n<p><!-- .lae-carousel-item --><\/p>\n<p><strong>Imprensa escrita a 9 de mar\u00e7o<\/strong><\/p>\n<p>\u2018<a style=\"color: #ccdbdc;\" href=\"https:\/\/pt.calameo.com\/read\/000213689b5b5b6cd3f5e\">Presidente do Banco Alimentar na Madeira conduz reflex\u00e3o sobre \u2018A Fome no mundo\u2019\u2019<br \/>\n\u2018F\u00e1tima Aveiro fala na UMa a 15 de Mar\u00e7o sobre \u201cA fome no mundo\u201d<\/a>\u2018<\/p>\n<p><!-- .lae-carousel-item --><\/p>\n<p><strong>Imprensa escrita a 18 de fevereiro<\/strong><\/p>\n<p><a style=\"color: #ccdbdc;\" href=\"http:\/\/revistadeimprensa.uma.pt\/index.php?option=com_docman&amp;task=doc_download&amp;gid=2015&amp;Itemid=140&amp;lang=pt\">\u2018Obra de Bocage divulgada\u2019<\/a><\/p>\n<p><!-- .lae-carousel-item --><\/p>\n<p><strong>Imprensa escrita a 17 de fevereiro<\/strong><\/p>\n<p><a style=\"color: #ccdbdc;\" href=\"http:\/\/revistadeimprensa.uma.pt\/index.php?option=com_docman&amp;task=doc_download&amp;gid=2014&amp;Itemid=140&amp;lang=pt\">\u2018Obra de Bocage divulgada\u2019<\/a><\/p>\n<p><!-- .lae-carousel-item --><\/p>\n<p><strong>Imprensa escrita a 16 de fevereiro<\/strong><\/p>\n<p><a style=\"color: #ccdbdc;\" href=\"http:\/\/revistadeimprensa.uma.pt\/index.php?option=com_docman&amp;task=doc_download&amp;gid=2013&amp;Itemid=140&amp;lang=pt\">\u2018Seguran\u00e7a e Defesa em debate na UMa\u2019<br \/>\n\u2018Seguran\u00e7a e Defesa\u2019<br \/>\n\u2018UMa evoca poesia de Bocage\u2019<br \/>\n\u2018Ireneu Barreto em tert\u00falia sobre Seguran\u00e7a e Defesa\u2019<\/a><\/p>\n<p><!-- .lae-carousel-item --><\/p>\n<p><strong>Imprensa escrita a 12 de fevereiro<\/strong><\/p>\n<p><a style=\"color: #333333;\" href=\"http:\/\/revistadeimprensa.uma.pt\/index.php?option=com_docman&amp;task=doc_download&amp;gid=2011&amp;Itemid=140&amp;lang=pt\">\u2018Conselho de Cultura discute papel das For\u00e7as Armadas\u2019<\/a><\/p>\n<p><!-- .lae-carousel-item --><\/p>\n<p><strong>Imprensa escrita a 11 de fevereiro<\/strong><\/p>\n<p><a style=\"color: #ccdbdc;\" href=\"http:\/\/revistadeimprensa.uma.pt\/index.php?option=com_docman&amp;task=doc_download&amp;gid=2010&amp;Itemid=140&amp;lang=pt\">\u2018Universidade vai \u2018Ao encontro de Bocage\u201d<br \/>\n\u2018UMa promove encontro com Bocage a 18 de Fevereiro\u2019<\/a><\/p>\n<p><!-- .lae-carousel-item --><\/p>\n<p><strong>Imprensa escrita entre 6 e 8 de fevereiro<\/strong><\/p>\n<p><a style=\"color: #ccdbdc;\" href=\"http:\/\/revistadeimprensa.uma.pt\/index.php?option=com_docman&amp;task=doc_download&amp;gid=2008&amp;Itemid=140&amp;lang=pt\">\u2018Universidade da Madeira debate seguran\u00e7a e defesa\u2019<br \/>\n\u2018Braz\u00e3o de Castro orador convidado da tert\u00falia do Conselho de Cultura da UMa\u2019<\/a><\/p>\n<p><!-- .lae-carousel-item --><\/p>\n<p><strong>Imprensa escrita entre 30 de janeiro e 1 de fevereiro<\/strong><\/p>\n<p><a style=\"color: #999999;\" href=\"http:\/\/revistadeimprensa.uma.pt\/index.php?option=com_docman&amp;task=doc_download&amp;gid=2003&amp;Itemid=140&amp;lang=pt\">\u2018Semana da Filosofia na Escola\u2019&nbsp;<\/a><\/p>\n<p><!-- .lae-carousel-item --><br \/>\n<!-- .lae-carousel --><\/p>\n<h2>\n                                                                <b>2015<\/b><br \/>\n<b>2015<\/b><br \/>\n<b>2015<\/b><\/h2>\n<p><!-- cd-headline --><br \/>\n<!-- text-slide --><br \/>\n<!-- animation-text --><\/p>\n<p style=\"text-align: left;\"><strong>Imprensa escrita a 2 de dezembro<\/strong><\/p>\n<p><a style=\"color: #ccdbdc;\" href=\"http:\/\/pt.calameo.com\/read\/0002136896a2297aa9f61\">\u2018As hist\u00f3rias de S.Tom\u00e9 por Olinda Beja\u2019<\/a><\/p>\n<p><!-- .lae-carousel-item --><\/p>\n<p><strong>Imprensa escrita a 6 de outubro<\/strong><\/p>\n<p><a style=\"color: #ccdbdc;\" href=\"http:\/\/revistadeimprensa.uma.pt\/index.php?option=com_docman&amp;task=doc_download&amp;gid=1934&amp;Itemid=135&amp;lang=pt\">\u2018Agenda Tert\u00falia<\/a>&nbsp;<a style=\"color: #808080;\" href=\"http:\/\/revistadeimprensa.uma.pt\/index.php?option=com_docman&amp;task=doc_download&amp;gid=1934&amp;Itemid=135&amp;lang=pt\">na UMa\u2019<\/a><\/p>\n<p><!-- .lae-carousel-item --><\/p>\n<p><strong>Imprensa escrita a 2 de outubro<\/strong><\/p>\n<p><a style=\"color: #ccdbdc;\" href=\"http:\/\/revistadeimprensa.uma.pt\/index.php?option=com_docman&amp;task=doc_download&amp;gid=1932&amp;Itemid=135&amp;lang=pt\">\u2018Acontece 2 a 8\u2019<\/a><\/p>\n<p><!-- .lae-carousel-item --><\/p>\n<p><strong>Imprensa escrita a 1 de outubro<\/strong><\/p>\n<p><a style=\"color: #ccdbdc;\" href=\"http:\/\/revistadeimprensa.uma.pt\/index.php?option=com_docman&amp;task=doc_download&amp;gid=1931&amp;Itemid=135&amp;lang=pt\">\u2018Tert\u00falias da<\/a><a style=\"color: #ccdbdc;\" href=\"https:\/\/pt.calameo.com\/read\/00021368900e86e88b521\">&nbsp;<\/a><a style=\"color: #ccdbdc;\" href=\"http:\/\/revistadeimprensa.uma.pt\/index.php?option=com_docman&amp;task=doc_download&amp;gid=1931&amp;Itemid=135&amp;lang=pt\">UMa regressam a 6 de outubro com \u201cNatureza e Cultura\u201d\u2019<\/a><\/p>\n<p><!-- .lae-carousel-item --><\/p>\n<p><strong>Imprensa escrita a 17 de julho<\/strong><\/p>\n<p><a style=\"color: #ccdbdc;\" href=\"http:\/\/pt.calameo.com\/read\/000213689975bab3d62ce\">\u2018Arte da dan\u00e7a depende muito<\/a><a style=\"color: #ccdbdc;\" href=\"https:\/\/pt.calameo.com\/read\/0002136890125527e1029\">&nbsp;<\/a><a style=\"color: #ccdbdc;\" href=\"http:\/\/pt.calameo.com\/read\/000213689975bab3d62ce\">da boa vontade\u2019<\/a><a style=\"color: #ccdbdc;\" href=\"https:\/\/pt.calameo.com\/read\/0002136890125527e1029\"><br \/>\n<\/a><a style=\"color: #ccdbdc;\" href=\"http:\/\/pt.calameo.com\/read\/000213689975bab3d62ce\">\u2018III Encontro do Clube de Leitura reflete sobre a vis\u00e3o da mulher de ontem e de hoje\u2019<\/a><\/p>\n<p><!-- .lae-carousel-item --><\/p>\n<p><strong>Imprensa escrita a 16 de julho<\/strong><\/p>\n<p><a style=\"color: #ccdbdc;\" href=\"http:\/\/pt.calameo.com\/read\/000213689a0490033b66e\">\u2018Clube de<\/a>&nbsp;<a style=\"color: #ccdbdc;\" href=\"http:\/\/pt.calameo.com\/read\/000213689a0490033b66e\">Leitura reflete sobre a vis\u00e3o da mulher\u2019<\/a><\/p>\n<p><!-- .lae-carousel-item --><\/p>\n<p><strong>Imprensa escrita a 14 de julho<\/strong><br \/>\n<a style=\"color: #ccdbdc;\" href=\"http:\/\/pt.calameo.com\/read\/0002136895c43b76be348\">\u2018Reitoria da UMa<\/a>&nbsp;<a style=\"color: #333333;\" href=\"http:\/\/pt.calameo.com\/read\/0002136895c43b76be348\">recebe tert\u00falia\u2019<\/a><strong><br \/>\n<\/strong><\/p>\n<p><!-- .lae-carousel-item --><\/p>\n<p><strong>Imprensa escrita entre 11 e 13 de julho<br \/>\n<\/strong><a style=\"color: #ccdbdc;\" href=\"http:\/\/pt.calameo.com\/read\/000213689b442cdf969c4\">Confer\u00eancia com Ant\u00f3nio Laginha encerra atividades do Clube Corpo.Territ\u00f3rio\u2019<\/a><a style=\"color: #ccdbdc;\" href=\"https:\/\/pt.calameo.com\/read\/000213689a6ee42a010b4\"><br \/>\n\u2018<\/a><a style=\"color: #ccdbdc;\" href=\"http:\/\/pt.calameo.com\/read\/000213689b442cdf969c4\">Ant\u00f3nio Laginha encerra atividades do Clube Corpo.Territ\u00f3rio\u2019<\/a><\/p>\n<p><!-- .lae-carousel-item --><\/p>\n<p><strong>Imprensa escrita a 7 de julho<\/strong><\/p>\n<p>\u2018<a style=\"color: #ccdbdc;\" href=\"http:\/\/pt.calameo.com\/read\/000213689197277b2e5f2\">Emigra\u00e7\u00e3o e<\/a>&nbsp;<a style=\"color: #ccdbdc;\" href=\"http:\/\/pt.calameo.com\/read\/000213689197277b2e5f2\">imigra\u00e7\u00e3o em debate com Alberto Vieira\u2019<\/a><\/p>\n<p><!-- .lae-carousel-item --><\/p>\n<p><strong>Imprensa escrita a 2 de junho<\/strong><\/p>\n<p><a style=\"color: #808080;\" href=\"http:\/\/pt.calameo.com\/read\/0002136897c2fa7e04d52\">\u2018UMa promove tert\u00falia com o Major-General Marco Serronha\u2019<\/a><\/p>\n<p><!-- .lae-carousel-item --><\/p>\n<p><strong>Imprensa escrita a 20 de maio<\/strong><\/p>\n<p><a style=\"color: #ccdbdc;\" href=\"http:\/\/pt.calameo.com\/read\/000213689b53b0898092b\">\u2018Cinema de leste de regresso\u2019<\/a><\/p>\n<p><!-- .lae-carousel-item --><\/p>\n<p><strong>Imprensa escrita a 14 de maio<\/strong><\/p>\n<p><a style=\"color: #808080;\" href=\"http:\/\/pt.calameo.com\/read\/00021368981ba35d42193\">\u2018Clube de Leitura tem encontro\u2019<\/a><\/p>\n<p><!-- .lae-carousel-item --><\/p>\n<p><strong>Imprensa escrita a 13 de maio<\/strong><\/p>\n<p><a style=\"color: #333333;\" href=\"http:\/\/revistadeimprensa.uma.pt\/index.php?option=com_docman&amp;task=doc_download&amp;gid=1834&amp;Itemid=130&amp;lang=pt\">\u2018II Encontro do Clube de Leituta na Universidade da Madeira\u2019<\/a><\/p>\n<p><!-- .lae-carousel-item --><\/p>\n<p><strong>Imprensa escrita a 12 de maio<\/strong><\/p>\n<p><a href=\"http:\/\/revistadeimprensa.uma.pt\/index.php?option=com_docman&amp;task=doc_download&amp;gid=1833&amp;Itemid=130&amp;lang=pt\">\u2018Teatro acolhe Tributo a Am\u00e1lia\u2019<\/a><\/p>\n<p><!-- .lae-carousel-item --><\/p>\n<p><strong>Imprensa escrita a 7 de maio<\/strong><\/p>\n<p><a style=\"color: #ccdbdc;\" href=\"http:\/\/revistadeimprensa.uma.pt\/index.php?option=com_docman&amp;task=doc_download&amp;gid=1830&amp;Itemid=130&amp;lang=pt\">\u2018Tert\u00falia com Ricardo Cabral\u2019<\/a><\/p>\n<p><!-- .lae-carousel-item --><\/p>\n<p><strong>Imprensa escrita a 6 de maio<\/strong><\/p>\n<p><a style=\"color: #ccdbdc;\" href=\"http:\/\/revistadeimprensa.uma.pt\/index.php?option=com_docman&amp;task=doc_download&amp;gid=1829&amp;Itemid=130&amp;lang=pt\">\u2018Cinema de Leste na UMa\u2019<\/a><\/p>\n<p><!-- .lae-carousel-item --><\/p>\n<p><strong>Imprensa escrita a 5 de maio<br \/>\n<\/strong><a style=\"color: #333333;\" href=\"http:\/\/pt.calameo.com\/read\/00021368965004fd20105\">\u2018Tert\u00falia com Ricardo Cabral na UMa sobre \u201cDesenvolvimento e Sustentabilidade\u201d\u2018<\/a><\/p>\n<p><!-- .lae-carousel-item --><\/p>\n<p><strong>Imprensa escrita entre 25 e 27 de abril<\/strong><\/p>\n<p><a style=\"color: #ccdbdc;\" href=\"http:\/\/revistadeimprensa.uma.pt\/index.php?option=com_docman&amp;task=doc_download&amp;gid=1823&amp;Itemid=129&amp;lang=pt\">\u2018Cinema\u2019<\/a><\/p>\n<p><!-- .lae-carousel-item --><\/p>\n<p><strong>Imprensa escrita entre 18 e 20 de abril<\/strong><\/p>\n<p><a style=\"color: #ccdbdc;\" href=\"http:\/\/revistadeimprensa.uma.pt\/index.php?option=com_docman&amp;task=doc_download&amp;gid=1819&amp;Itemid=129&amp;lang=pt\">\u2018Universidade analisou Cinema e Territ\u00f3rio\u2019<\/a><\/p>\n<p><!-- .lae-carousel-item --><\/p>\n<p><strong>Imprensa escrita a 17 de abril<\/strong><\/p>\n<p><a style=\"color: #ccdbdc;\" href=\"http:\/\/revistadeimprensa.uma.pt\/index.php?option=com_docman&amp;task=doc_download&amp;gid=1818&amp;Itemid=129&amp;lang=pt\">\u2018Cinema e Territ\u00f3rio abre perspectivas\u2019<\/a><\/p>\n<p><!-- .lae-carousel-item --><\/p>\n<p><strong>Imprensa escrita a 16 de abril<\/strong><\/p>\n<p><a style=\"color: #333333;\" href=\"http:\/\/revistadeimprensa.uma.pt\/index.php?option=com_docman&amp;task=doc_download&amp;gid=1817&amp;Itemid=129&amp;lang=pt\">\u2018Cinema e Territ\u00f3rio come\u00e7a hoje\u2019<\/a><\/p>\n<p><!-- .lae-carousel-item --><\/p>\n<p><strong>Imprensa escrita a 14 de abril<\/strong><\/p>\n<p><a style=\"color: #ccdbdc;\" href=\"http:\/\/revistadeimprensa.uma.pt\/index.php?option=com_docman&amp;task=doc_download&amp;gid=1815&amp;Itemid=129&amp;lang=pt\">\u2018Cinema e Territ\u00f3rio em imagem\u2019<\/a><\/p>\n<p><!-- .lae-carousel-item --><\/p>\n<p><strong>Imprensa escrita entre 11 e 13 de abril<\/strong><\/p>\n<p><a style=\"color: #ccdbdc;\" href=\"http:\/\/revistadeimprensa.uma.pt\/index.php?option=com_docman&amp;task=doc_download&amp;gid=1814&amp;Itemid=129&amp;lang=pt\">\u2018Clube de leitura promove encontro \u201cNa companhia dos livros\u201d\u2019<\/a><\/p>\n<p><!-- .lae-carousel-item --><\/p>\n<p><strong>Imprensa escrita a 9 de abril<\/strong><\/p>\n<p><a style=\"color: #ccdbdc;\" href=\"http:\/\/revistadeimprensa.uma.pt\/index.php?option=com_docman&amp;task=doc_download&amp;gid=1812&amp;Itemid=129&amp;lang=pt\">\u2018III Encontro Internacional Cinema e Territ\u00f3rio nos dias 16 e 19 de Abril\u2019<\/a><\/p>\n<p><!-- .lae-carousel-item --><\/p>\n<p><strong>Imprensa escrita a 8 de abril<\/strong><\/p>\n<p><a style=\"color: #333333;\" href=\"http:\/\/revistadeimprensa.uma.pt\/index.php?option=com_docman&amp;task=doc_download&amp;gid=1811&amp;Itemid=129&amp;lang=pt\">\u2018Instru\u00e7\u00e3o e Educa\u00e7\u00e3o em debate ontem na Reitoria da Universidade\u2019<\/a><\/p>\n<p><!-- .lae-carousel-item --><\/p>\n<p><strong>Imprensa escrita a 7 de abril<\/strong><\/p>\n<p><a style=\"color: #808080;\" href=\"http:\/\/revistadeimprensa.uma.pt\/index.php?option=com_docman&amp;task=doc_download&amp;gid=1810&amp;Itemid=129&amp;lang=pt\">\u2018Francisco Fernandes dinamiza hoje tert\u00falia da UMa\u2019<\/a><\/p>\n<p><!-- .lae-carousel-item --><\/p>\n<p><strong>Imprensa escrita entre 2 e 6 de abril<\/strong><\/p>\n<p><a style=\"color: #333333;\" href=\"http:\/\/revistadeimprensa.uma.pt\/index.php?option=com_docman&amp;task=doc_download&amp;gid=1809&amp;Itemid=129&amp;lang=pt\">\u2018UMa promove I Encontro do Clube de Leitura\u2019<\/a><\/p>\n<p><!-- .lae-carousel-item --><\/p>\n<p><strong>Imprensa escrita a 1 de abril<\/strong><\/p>\n<p><a style=\"color: #ccdbdc;\" href=\"http:\/\/revistadeimprensa.uma.pt\/index.php?option=com_docman&amp;task=doc_download&amp;gid=1808&amp;Itemid=129&amp;lang=pt\">\u2018Encontro de Leitura na UMa\u2019<\/a><\/p>\n<p><!-- .lae-carousel-item --><\/p>\n<p><strong>Imprensa escrita&nbsp;entre 28 e 30 de mar\u00e7o<\/strong><\/p>\n<p><a style=\"color: #ccdbdc;\" href=\"http:\/\/revistadeimprensa.uma.pt\/index.php?option=com_docman&amp;task=doc_download&amp;gid=1806&amp;Itemid=128&amp;lang=pt\">\u2018Cinema e Territ\u00f3rio na Reitoria da UMa\u2019<\/a><\/p>\n<p><!-- .lae-carousel-item --><\/p>\n<p><strong>Imprensa escrita a 5 de mar\u00e7o<\/strong><\/p>\n<p><a style=\"color: #808080;\" href=\"http:\/\/funchalnoticias.net\/2015\/03\/05\/esperanca-de-vida-a-ultima-fronteira-e-tema-de-conferencia-na-uma\/\">\u2018Esperan\u00e7a de vida \u2013 a \u00faltima fronteira\u2019 \u00e9 tema de confer\u00eancia na UMa<\/a><\/p>\n<p><!-- .lae-carousel-item --><\/p>\n<p><strong>Imprensa escrita a 3 de fevereiro<\/strong><\/p>\n<p><a style=\"color: #ccdbdc;\" href=\"https:\/\/pt.calameo.com\/read\/0002136896d7272710b9b\">\u2018Clube Ateneu promove tert\u00falias mensais\u2019&nbsp;<\/a><\/p>\n<p><!-- .lae-carousel-item --><\/p>\n<p><strong>Imprensa escrita a 2 de fevereiro<\/strong><\/p>\n<p><a style=\"color: #ccdbdc;\" href=\"https:\/\/pt.calameo.com\/read\/000213689bcf3fd173984\">\u2018Tert\u00falias Culturais na Universidade\u2019<\/a><\/p>\n<p><!-- .lae-carousel-item --><\/p>\n<p><strong>Imprensa escrita a 29 de janeiro<\/strong><\/p>\n<p><a style=\"color: #ccdbdc;\" href=\"https:\/\/pt.calameo.com\/read\/00021368949203cd69f26\">\u2018Tert\u00falias mensais tem\u00e1tica arrancam em fevereiro no Clube Ateneu\u2019&nbsp;<\/a><\/p>\n<p><!-- .lae-carousel-item --><br \/>\n<!-- .lae-carousel --><\/p>\n<h2>\n                                                                <b>2014<\/b><br \/>\n<b>2014<\/b><br \/>\n<b>2014<\/b><\/h2>\n<p><!-- cd-headline --><br \/>\n<!-- text-slide --><br \/>\n<!-- animation-text --><\/p>\n<p><strong>P\u00e1tio dos Estudantes \u2013 8 de novembro<\/strong><br \/>\n<a style=\"color: #ccdbdc;\" href=\"https:\/\/www.rtp.pt\/play\/p239\/e171941\/rtpmadeira\">\u2018III Encontro Internacional Cinema e Territ\u00f3rio\u201d<\/a><strong><br \/>\n<\/strong><\/p>\n<p><!-- .lae-carousel-item --><\/p>\n<p><strong>Imprensa escrita entre 1 e 2 de julho<\/strong><\/p>\n<p><a style=\"color: #ccdbdc;\" href=\"https:\/\/pt.calameo.com\/read\/0002136891b01506f9ff6\">\u2018Exposi\u00e7\u00f5es: Cartilha de Prod\u00edgios at\u00e9 6 de julho\u2019<\/a><\/p>\n<p><!-- .lae-carousel-item --><\/p>\n<p><strong>Imprensa escrita a 25 de junho<\/strong><\/p>\n<p><a style=\"color: #ccdbdc;\" href=\"https:\/\/pt.calameo.com\/read\/0002136893dcc3273737b\">\u2018Mostra de v\u00eddeos de Alunos\u2019<\/a><strong><br \/>\n<\/strong><\/p>\n<p><!-- .lae-carousel-item --><\/p>\n<p><strong>Imprensa escrita a 24 de junho<\/strong><\/p>\n<p><a style=\"color: #ccdbdc;\" href=\"https:\/\/pt.calameo.com\/read\/0002136894b409bf198bf\">\u2018UMa apresenta mostra de v\u00eddeos dos alunos do curso de Arte e Multim\u00e9dia\u2019<\/a><\/p>\n<p><!-- .lae-carousel-item --><\/p>\n<p><strong>Imprensa escrita entre 21 e 23 de junho<\/strong><\/p>\n<p><a style=\"color: #808080;\" href=\"https:\/\/pt.calameo.com\/read\/000213689169331d5026d\">\u2018Universidade da Madeira apresenta mostra de v\u00eddeos dos alunos do curso de Arte e Multim\u00e9dia\u2019<\/a><strong><br \/>\n<\/strong><\/p>\n<p><!-- .lae-carousel-item --><\/p>\n<p><strong>DN \u2013 Revista Mais \u2013 15 de junho<\/strong><\/p>\n<p>\u2018Europa em Queda\u2019<\/p>\n<p><!-- .lae-carousel-item --><\/p>\n<p><strong>Imprensa escrita entre 14 e 16 de junho<\/strong><\/p>\n<p><a style=\"color: #ccdbdc;\" href=\"http:\/\/revistadeimprensa.uma.pt\">\u2018Ensaio\u2019 para o Congresso dos 500 anos\u2019<\/a><strong><br \/>\n<\/strong><\/p>\n<p><!-- .lae-carousel-item --><\/p>\n<p><strong>Imprensa escrita a 13 de junho<br \/>\n<\/strong><a style=\"font-size: 10pt; text-indent: 0em; color: #ccdbdc;\" href=\"https:\/\/pt.calameo.com\/read\/000213689919ff6be0e93\">\u2018Semin\u00e1rio preparat\u00f3rio do Congresso dos 500 Anos da Diocese do Funchal amanh\u00e3 na Universidade da Madeira\u2019<\/a><strong><br \/>\n<\/strong><\/p>\n<p><!-- .lae-carousel-item --><\/p>\n<p><strong>Imprensa escrita a 10 e 11 de junho<\/strong><\/p>\n<p><a style=\"color: #808080;\" href=\"https:\/\/pt.calameo.com\/read\/0002136897163e64b8f6a\">\u2018Europa em queda mas n\u00e3o quebrada\u2019<\/a><\/p>\n<p><!-- .lae-carousel-item --><\/p>\n<p><strong>Imprensa escrita entre 7 e 9 de junho<\/strong><\/p>\n<p><a style=\"text-indent: 0em; color: #ccdbdc;\" href=\"https:\/\/pt.calameo.com\/read\/00021368999318b71d839\">\u2018Portugal na Queda da Europa\u2019<\/a><strong><br \/>\n<\/strong><\/p>\n<p><!-- .lae-carousel-item --><\/p>\n<p><strong>Telejornal Madeira \u2013 9 de junho<\/strong><\/p>\n<p>Viriato Soromenho-Marques apresenta livro na UMa<\/p>\n<p><!-- .lae-carousel-item --><\/p>\n<p><strong>Imprensa escrita a 5 de junho<\/strong><\/p>\n<p><a style=\"color: #ccdbdc;\" href=\"https:\/\/pt.calameo.com\/read\/00021368979558f893f84\">Livro de Viriato Soromenho-Marques apresentado na UMa a 09 de junho<\/a><\/p>\n<p><!-- .lae-carousel-item --><\/p>\n<p><strong>Revista Mais \u2013 1 de junho<\/strong><\/p>\n<p>Zona VIP \u2013 Entrevista Gon\u00e7alo Ferreira Gouveia<strong><br \/>\n<\/strong><\/p>\n<p><!-- .lae-carousel-item --><\/p>\n<p><strong>Imprensa escrita a 30 de maio<\/strong><\/p>\n<p><a style=\"color: #ccdbdc;\" href=\"https:\/\/pt.calameo.com\/read\/000213689470c9d7a1674\">\u2018Max esgota teatro\u2019<\/a><\/p>\n<p><!-- .lae-carousel-item --><\/p>\n<p><strong>Imprensa escrita a 29 de maio<\/strong><\/p>\n<p><a href=\"https:\/\/pt.calameo.com\/read\/000213689dac936cd5760\">Hoje h\u00e1 Tributo a Max no Baltazar Dias<\/a><\/p>\n<p><!-- .lae-carousel-item --><\/p>\n<p><strong>P\u00e1tio dos Estudantes \u2013 24 de maio<\/strong><\/p>\n<p><a style=\"text-indent: 0em; color: #333333;\" href=\"https:\/\/www.rtp.pt\/play\/p239\/patio-dos-estudantes\">Tributo a Max<\/a><strong><br \/>\n<\/strong><\/p>\n<p><!-- .lae-carousel-item --><\/p>\n<p><strong>RTP-M \u2013 Casa das Artes \u2013 15 de maio<\/strong><\/p>\n<p>Tr\u00edptico do Milagre do Anjinho<\/p>\n<p><!-- .lae-carousel-item --><\/p>\n<p><strong>Imprensa escrita&nbsp;a 15 de maio<\/strong><\/p>\n<p><a style=\"color: #ccdbdc;\" href=\"https:\/\/pt.calameo.com\/read\/000213689856fa213241d\">UMa com Tributo a Max<\/a><\/p>\n<p><!-- .lae-carousel-item --><\/p>\n<p><strong>Imprensa escrita a 14 de maio<\/strong><\/p>\n<p><a style=\"color: #808080;\" href=\"https:\/\/pt.calameo.com\/read\/0002136891b0e9bacb75c\">Cinema e Poder \u00e0s 20H30<\/a><\/p>\n<p><!-- .lae-carousel-item --><\/p>\n<p><strong>Tribuna da Madeira \u2013 Revista \u2013 9 de maio<\/strong><\/p>\n<p>Significar\u00e3o o mesmo \u201cresist\u00eancia\u201d e \u201cresili\u00eancia\u201d? Porqu\u00ea?<\/p>\n<p><a style=\"color: #808080;\" href=\"http:\/\/revistadeimprensa.uma.pt\/index.php?option=com_docman&amp;task=doc_download&amp;gid=1818&amp;Itemid=129&amp;lang=pt\">&nbsp;<\/a><\/p>\n<p><!-- .lae-carousel-item --><\/p>\n<p><strong>Imprensa escrita a 30 de abril<\/strong><\/p>\n<p><a style=\"color: #808080;\" href=\"https:\/\/pt.calameo.com\/read\/000213689d841a51040aa\">Ciclo \u2018Cinema e Poder\u2019&nbsp;<\/a><\/p>\n<p><!-- .lae-carousel-item --><\/p>\n<p><strong>Imprensa escrita a 29 de abril<\/strong><\/p>\n<p><a style=\"color: #ccdbdc;\" href=\"https:\/\/pt.calameo.com\/read\/0002136898dcb015902f6\">O Cinema e o Poder<\/a><strong><br \/>\n<\/strong><\/p>\n<p><!-- .lae-carousel-item --><\/p>\n<p><strong>RTP-M \u2013 Telejornal \u2013 28 de abril<\/strong><\/p>\n<p>Reportagem de Patr\u00edcia Xavier<strong><br \/>\n<\/strong><\/p>\n<p><!-- .lae-carousel-item --><\/p>\n<p><strong>Imprensa escrita a 19 de mar\u00e7o<\/strong><\/p>\n<p><a style=\"color: #ccdbdc;\" href=\"https:\/\/pt.calameo.com\/read\/000213689a22747232493\">Congresso dos 500 anos da Diocese apresentado<\/a><strong><br \/>\n<\/strong><\/p>\n<p><!-- .lae-carousel-item --><\/p>\n<p><strong>Imprensa escrita a 12 de mar\u00e7o<\/strong><\/p>\n<p><a href=\"https:\/\/pt.calameo.com\/read\/0002136897cdb46f44e1d\">UMa exibe filme de J.Cassavetes<\/a><strong><br \/>\n<\/strong><\/p>\n<p><!-- .lae-carousel-item --><\/p>\n<p><strong>Imprensa escrita a 5 de mar\u00e7o<\/strong><\/p>\n<p><a style=\"color: #ccdbdc;\" href=\"https:\/\/pt.calameo.com\/read\/00021368996531a66fb9a\">UMa exibe fime de Cassavetes<\/a><\/p>\n<p><!-- .lae-carousel-item --><\/p>\n<p><strong>Imprensa escrita a 20 de fevereiro<\/strong><\/p>\n<p>Paisagem urbana n\u00e3o pode ser tratada como problema de engenharia ou hidr\u00e1ulica<\/p>\n<p><!-- .lae-carousel-item --><\/p>\n<p><strong>Imprensa escrita a 19 de fevereiro<\/strong><\/p>\n<p><a style=\"color: #ccdbdc;\" href=\"https:\/\/pt.calameo.com\/read\/000213689eb59d877ef10\">CIERL promove confer\u00eancia na UMa<\/a><\/p>\n<p><!-- .lae-carousel-item --><\/p>\n<p><strong>Imprensa escrita a 18 de fevereiro<\/strong><\/p>\n<p>II Confer\u00eancia \u2018Mem\u00f3ria e Desastres Naturais na Madeira\u2019<\/p>\n<p><!-- .lae-carousel-item --><\/p>\n<p><strong>Imprensa escrita a 11 de fevereiro<\/strong><\/p>\n<p>Universidade da Madeira recorda trag\u00e9dia do 20 de Fevereiro de 2010 com confer\u00eancia<strong><br \/>\n<\/strong><\/p>\n<p><!-- .lae-carousel-item --><\/p>\n<p><strong>RTP-M \u2013 Telejornal Madeira \u2013 4 de fevereiro<\/strong><\/p>\n<p><a style=\"color: #ccdbdc;\" href=\"https:\/\/www.rtp.pt\/play\/p85\/e142930\/telejornal-madeira\">Simp\u00f3sio coloca desafios aos investigadores e aos governantes.<\/a><\/p>\n<p><!-- .lae-carousel-item --><\/p>\n<p><strong>Imprensa escrita a 4 de fevereiro<\/strong><\/p>\n<p>Termina o Ciclo de Cinema Contempor\u00e2neo na UMa<strong><br \/>\n<\/strong><\/p>\n<p><!-- .lae-carousel-item --><\/p>\n<p><strong>Imprensa escrita a 30 de janeiro<\/strong><\/p>\n<p><a href=\"https:\/\/pt.calameo.com\/read\/0002136898561cde38c32\">Que Saber(es) para o S\u00e9c.XXI?<\/a><strong><br \/>\n<\/strong><\/p>\n<p><!-- .lae-carousel-item --><\/p>\n<p><strong>Imprensa escrita a 29 de janeiro<\/strong><\/p>\n<p><a style=\"color: #333333;\" href=\"https:\/\/pt.calameo.com\/read\/0002136891a1c1dd9be95\">Simp\u00f3sio traz grandes nomes do pensamento contempor\u00e2neo<\/a><strong><br \/>\n<\/strong><\/p>\n<p><!-- .lae-carousel-item --><\/p>\n<p><strong>Imprensa escrita a 22 de janeiro<\/strong><\/p>\n<p><a href=\"https:\/\/pt.calameo.com\/read\/0002136894f5216991e61\">Agenda: Cinema volta ao Col\u00e9gio dos Jesu\u00edtas<\/a><strong><br \/>\n<\/strong><\/p>\n<p><!-- .lae-carousel-item --><\/p>\n<p><strong>Imprensa escrita a 20 de janeiro<\/strong><\/p>\n<p><a style=\"color: #808080;\" href=\"https:\/\/pt.calameo.com\/read\/0002136891c18c3bf0e9a\">5 Sentidos: Cinema Portugu\u00eas no Col\u00e9gio dos Jesu\u00edtas<\/a><\/p>\n<p><!-- .lae-carousel-item --><\/p>\n<p><strong>Imprensa escrita a 15 de janeiro<\/strong><\/p>\n<p><a style=\"color: #808080;\" href=\"https:\/\/pt.calameo.com\/read\/000213689ae630abc2878\">Breves: nova sess\u00e3o do ciclo \u201cCinema Portugu\u00eas Contempor\u00e2neo\u201d<\/a><strong><br \/>\n<\/strong><\/p>\n<p><!-- .lae-carousel-item --><\/p>\n<p><strong>RTP-M \u2013 Casa das Artes \u2013 11 de janeiro<\/strong><\/p>\n<p>Com Vitor Magalh\u00e3es<\/p>\n<p><!-- .lae-carousel-item --><\/p>\n<p><strong>Imprensa escrita a 8 de janeiro<\/strong><\/p>\n<p><a style=\"color: #ccdbdc;\" href=\"https:\/\/pt.calameo.com\/read\/000213689d017aec3fdcc\">Ciclo de Cinema Portugu\u00eas na UMa&nbsp;<\/a><strong><br \/>\n<\/strong><\/p>\n<p><!-- .lae-carousel-item --><br \/>\n<!-- .lae-carousel --><\/p>\n<h2>\n                                                                <b>2013<\/b><br \/>\n<b>2013<\/b><br \/>\n<b>2013<\/b><\/h2>\n<p><!-- cd-headline --><br \/>\n<!-- text-slide --><br \/>\n<!-- animation-text --><\/p>\n<p style=\"text-align: left;\"><strong>RTP-M \u2013 Casa das Artes \u2013 15 de novembro<\/strong><\/p>\n<p>Com Lu\u00edsa Marinho Antunes Paolinelli<\/p>\n<p><!-- .lae-carousel-item --><\/p>\n<p><strong>Imprensa escrita a 8 de novembro<\/strong><\/p>\n<p>\u2018Os leitores precisam de ser desafiados\u2019<strong><br \/>\n<\/strong><\/p>\n<p><!-- .lae-carousel-item --><\/p>\n<p><strong>Imprensa escrita a 5 de novembro<\/strong><\/p>\n<p>\u2018Cinco Sentidos Mais 2 \u2013 Sobre os Livros\u2019<\/p>\n<p><!-- .lae-carousel-item --><\/p>\n<p><strong>Imprensa escrita a 30 de outubro<\/strong><\/p>\n<p>\u2018Ciclo de cinema na UMa\u2019<strong><br \/>\n<\/strong><\/p>\n<p><!-- .lae-carousel-item --><\/p>\n<p><strong>Imprensa escrita a 29 de outubro<\/strong><\/p>\n<p><a style=\"color: #ccdbdc;\" href=\"https:\/\/pt.calameo.com\/read\/0002136897e293a0a4bd6\">\u2018UMa promove ciclo de cinema\u2019<\/a><br \/>\n\u2018Universidade da Madeira acolhe ciclo de cinema \u2018A imin\u00eancia do Desastre\u201d<br \/>\n\u2018UMa acolhe Ciclo de Cinema \u2018a imin\u00eancia do Desastre\u201d<strong><br \/>\n<\/strong><\/p>\n<p><!-- .lae-carousel-item --><\/p>\n<p><strong>Imprensa escrita entre 26 a 28 de outubro<\/strong><\/p>\n<p>\u2018Confer\u00eancia destaca a import\u00e2ncia do \u00f3rg\u00e3o na igreja\u2019<strong><br \/>\n<\/strong><\/p>\n<p><!-- .lae-carousel-item --><\/p>\n<p><strong>Imprensa escrita a 25 de outubro<\/strong><\/p>\n<p><a style=\"color: #ccdbdc;\" href=\"https:\/\/pt.calameo.com\/read\/00021368905797d947ac8\">\u2018Confer\u00eancia \u2018O \u00f3rg\u00e3o na Igreja, hoje\u2019 na reitoria da UMa\u2019<\/a><br \/>\n\u2018Escritor angolano, Octaviano Correia, vai publicar tr\u00eas novos livros\u2019<strong><br \/>\n<\/strong><\/p>\n<p><!-- .lae-carousel-item --><\/p>\n<p><strong>Imprensa escrita a 23 de outubro<\/strong><\/p>\n<p>\u2018Confer\u00eancia sobre literatura dia 24 com o escritor Octaviano Correia\u2019<strong><br \/>\n<\/strong><\/p>\n<p><!-- .lae-carousel-item --><\/p>\n<p><strong>Imprensa escrita entre 29 de junho e 2 de julho<\/strong><\/p>\n<p>\u2018Congresso IBERCOM deu frutos\u2019<strong><br \/>\n<\/strong><\/p>\n<p><!-- .lae-carousel-item --><\/p>\n<p><strong>Di\u00e1rio de Not\u00edcias \u2013 quinta-feira, 27 de junho<\/strong><\/p>\n<p>\u2018Livro de Actas \u201cTravessias Comunicacionais\/Traves\u00edas Comunicacionales XI Ibercom\u201d lan\u00e7ado amanh\u00e3\u2019<\/p>\n<p><!-- .lae-carousel-item --><\/p>\n<p><strong>RTP-M \u2013 Casa das Artes \u2013 21 de junho<\/strong><\/p>\n<p>Com Carlos Valente, C\u00e2ndido de Oliveira Martins e Jos\u00e9 Ribeiro<\/p>\n<p><!-- .lae-carousel-item --><\/p>\n<p><strong>Imprensa escrita entre 15 e 17 de junho<\/strong><\/p>\n<p>A Mulher e o diab\u00f3lico: representa\u00e7\u00f5es liter\u00e1rias de um imagin\u00e1rio intemporal\u2019<strong><br \/>\n<\/strong><\/p>\n<p><!-- .lae-carousel-item --><\/p>\n<p><strong>RTP-M \u2013 Casa das Artes \u2013 14 de junho<\/strong><\/p>\n<p>Com Vitor Serr\u00e3o<\/p>\n<p><!-- .lae-carousel-item --><\/p>\n<p><strong>Imprensa escrita a 13 de junho<\/strong><\/p>\n<p>\u2018Confer\u00eancias na UMa sob o lema \u201cDas Imagens e das Ideias\u201d<\/p>\n<p><!-- .lae-carousel-item --><\/p>\n<p><strong>Imprensa escrita a 7 de junho<\/strong><\/p>\n<p>\u2018Confer\u00eancias na UMa sob o lema \u201cDas Imagens e das Ideias\u201d\u2018<\/p>\n<p><!-- .lae-carousel-item --><\/p>\n<p><strong>Imprensa escrita a 28 de maio<\/strong><\/p>\n<p>\u2018UMa acolhe encontro de 19 a 22 de junho que visa debater Cinema e Antropologia\u2019<\/p>\n<p><!-- .lae-carousel-item --><\/p>\n<p><strong>Imprensa escrita a 24 de maio<\/strong><\/p>\n<p>\u2018Conselho de Cultura da UMa promove tert\u00falia\u2019<\/p>\n<p><!-- .lae-carousel-item --><\/p>\n<p><strong>RTP-M \u2013 Casa das Artes \u2013 17 de maio<\/strong><\/p>\n<p>Com Carlos Valente<strong><br \/>\n<\/strong><\/p>\n<p><!-- .lae-carousel-item --><\/p>\n<p><strong>Di\u00e1rio de Not\u00edcias \u2013 segunda-feira, 13 de maio<\/strong><\/p>\n<p>\u2018A Cidade e o Cinema\u2019 na Universidade da Madeira \u2013 Ciclo inaugura atividade do Clube Universit\u00e1rio de Cinema \u2013 Ana Lu\u00edsa Correia<\/p>\n<p><!-- .lae-carousel-item --><\/p>\n<p><strong>Di\u00e1rio de Not\u00edcias \u2013 segunda-feira, 6 de maio<\/strong><\/p>\n<p>\u2018\u00c0s vezes pede-se demais da Universidade\u2019 \u2013 entrevista com o Reitor da UMa, Prof.Doutor Jos\u00e9 Carmo \u2013 Ana Lu\u00edsa Correia<\/p>\n<p><!-- .lae-carousel-item --><\/p>\n<p><strong>Tribuna da Madeira \u2013 sexta-feira, 19 de abril<\/strong><\/p>\n<p>\u2018A Madeira tem de afirmar-se como um destino cultural\u2019 \u2013 Dulcina Branco e Nat\u00e1lia Faria<\/p>\n<p><strong>&nbsp;<\/strong><\/p>\n<p><!-- .lae-carousel-item --><\/p>\n<p><strong>Di\u00e1rio de Not\u00edcias \u2013 quarta-feira, 20 de fevereiro<\/strong><\/p>\n<p>\u2018UMa organiza Gala de Tributo a Zeca Afonso\u2019. Receita de bilheteira reverte para a \u2018Bolsa de Alimenta\u00e7\u00e3o\u2019 \u2013 Artur de Freitas Sousa<\/p>\n<p><!-- .lae-carousel-item --><\/p>\n<p><strong>P\u00e1tio dos Estudantes \u2013 RTP Madeira e AAUMa \u2013 26 de janeiro<\/strong><\/p>\n<p>Com Francisco Faria Paulino e Castanheira da Costa<\/p>\n<p><!-- .lae-carousel-item --><\/p>\n<p><strong>Di\u00e1rio de Not\u00edcias \u2013 sexta-feira, 4 de janeiro<\/strong><\/p>\n<p>\u2018O Conselho de Cultura da UMa. Numa \u00e9poca conturbada como a que vivemos, \u00e9 fundamental que n\u00e3o se perca de vista a cultura\u2019 \u2013 Castanheira da Costa<\/p>\n<p><!-- .lae-carousel-item --><br \/>\n<!-- .lae-carousel --><\/p>\n<h2>\n                                                                <b>2012<\/b><br \/>\n<b>2012<\/b><br \/>\n<b>2012<\/b><\/h2>\n<p><!-- cd-headline --><br \/>\n<!-- text-slide --><br \/>\n<!-- animation-text --><\/p>\n<p style=\"text-align: left;\"><strong>P\u00e1tio dos Estudantes \u2013 RTP Madeira e AAUMa \u2013 27 de maio<\/strong><\/p>\n<p>Com Idalina Sardinha<strong><br \/>\n<\/strong><\/p>\n<p><!-- .lae-carousel-item --><br \/>\n<!-- .lae-carousel --><\/p>\n","protected":false},"excerpt":{"rendered":"<p>It was news All the news published about the events held by the Cultural Council will be available on this page. We thank the promoters for their initiatives as well as the journalists and the media for the dissemination of our projects. 2016 2016 2016 Imprensa escrita noticia entre 22 &hellip;<\/p>\n","protected":false},"author":1,"featured_media":0,"parent":0,"menu_order":0,"comment_status":"closed","ping_status":"closed","template":"elementor_header_footer","meta":[],"translation":{"provider":"WPGlobus","version":"3.0.2","language":"en","enabled_languages":["pt","en"],"languages":{"pt":{"title":true,"content":true,"excerpt":false},"en":{"title":true,"content":true,"excerpt":false}}},"_links":{"self":[{"href":"https:\/\/conselhodecultura.uma.pt\/en\/wp-json\/wp\/v2\/pages\/875"}],"collection":[{"href":"https:\/\/conselhodecultura.uma.pt\/en\/wp-json\/wp\/v2\/pages"}],"about":[{"href":"https:\/\/conselhodecultura.uma.pt\/en\/wp-json\/wp\/v2\/types\/page"}],"author":[{"embeddable":true,"href":"https:\/\/conselhodecultura.uma.pt\/en\/wp-json\/wp\/v2\/users\/1"}],"replies":[{"embeddable":true,"href":"https:\/\/conselhodecultura.uma.pt\/en\/wp-json\/wp\/v2\/comments?post=875"}],"version-history":[{"count":298,"href":"https:\/\/conselhodecultura.uma.pt\/en\/wp-json\/wp\/v2\/pages\/875\/revisions"}],"predecessor-version":[{"id":4671,"href":"https:\/\/conselhodecultura.uma.pt\/en\/wp-json\/wp\/v2\/pages\/875\/revisions\/4671"}],"wp:attachment":[{"href":"https:\/\/conselhodecultura.uma.pt\/en\/wp-json\/wp\/v2\/media?parent=875"}],"curies":[{"name":"wp","href":"https:\/\/api.w.org\/{rel}","templated":true}]}}